{"id":116,"date":"2013-12-28T03:17:00","date_gmt":"2013-12-28T08:17:00","guid":{"rendered":"https:\/\/www.adondequierenir.com\/index.php\/museo-arqueologico-la-merced-cali\/"},"modified":"2013-12-28T03:17:00","modified_gmt":"2013-12-28T08:17:00","slug":"museo-arqueologico-la-merced-cali","status":"publish","type":"page","link":"https:\/\/www.adondequierenir.com\/index.php\/museo-arqueologico-la-merced-cali\/","title":{"rendered":"Museo Arqueol\u00f2gico  La Merced  Cali"},"content":{"rendered":"<p style=\"text-align: center;\"><strong>MUSEO ARQUEOLOGICO LA MERCED<\/strong><\/p>\n<p><!--more--><\/p>\n<p style=\"text-align: center;\"><strong><img decoding=\"async\" style=\"vertical-align: middle;\" src=\"images\/logos_articulos\/header%20museo%20arqueologico%20la%20merced.jpg\" alt=\"\" border=\"0\" \/><\/strong><\/p>\n<hr \/>\n<p style=\"text-align: center;\"><span style=\"text-decoration: underline;\"><strong>\u00a0<\/strong><\/span><\/p>\n<p style=\"text-align: center;\"><strong>HISTORIA &#8211; TALLERES &#8211; EXPOSICIONES &#8211; DOCUMENTALES &#8211; CONCIERTOS &#8211; CURSOS &#8211; VIDEO &#8211; VIERNES CENTRO HISTORICO<br \/><\/strong><\/p>\n<p style=\"text-align: center;\"><strong>Exposiciones permanentes<\/strong><\/p>\n<p style=\"text-align: center;\"><strong>Arte Religioso Colonial, Arte prehispanico<\/strong><\/p>\n<hr \/>\n<p style=\"text-align: center;\">\u00a0<\/p>\n<p style=\"text-align: center;\">\u00a0<strong>Horario:<\/strong><\/p>\n<p style=\"text-align: center;\">Lunes a S\u00e1bado de 9 am a 1 pm y 2 a 6 pm<\/p>\n<p style=\"text-align: center;\"><strong>Entrada: <\/strong><\/p>\n<p style=\"text-align: center;\">Adultos $4.000, Ni\u00f1os $ 2.000, Estudiantes $ 3.500<\/p>\n<p style=\"text-align: center;\"><strong>Direccion:<\/strong><\/p>\n<p style=\"text-align: center;\">Carrera 4\u00aa. No. 6-59 <br \/><strong>Tel\u00e9fonos:<\/strong><\/p>\n<p style=\"text-align: center;\">8854665 \u2013 8893434 \u2013 Fax. 8855309<\/p>\n<hr \/>\n<p style=\"text-align: center;\">\u00a0<\/p>\n<p style=\"text-align: center;\">\u00a0<\/p>\n<p style=\"text-align: center;\"><strong>PROGRAMACI\u00d2N\u00a0 MUSEO ARQUEOLOGICO LA MERCED CALI<\/strong><\/p>\n<p style=\"text-align: center;\"><strong>Exposici\u00f2n Ceramicas Psicotr\u00f2picas<\/strong><\/p>\n<p style=\"text-align: justify;\">\u00a0<\/p>\n<p style=\"text-align: justify;\"><strong>COLECCI\u00d3N:<\/strong><\/p>\n<p style=\"text-align: justify;\">La colecci\u00f3n del Museo est\u00e1 distribuida en seis (6) salas t\u00e9cnicamente presentadas y asesoradas por gu\u00edas especializados.<\/p>\n<div dir=\"ltr\" style=\"text-align: justify;\" data-font-name=\"g_font_p0_5\" data-canvas-width=\"262.82667919921874\">La primera de las salas est\u00e1 dedicada al complejo arquitect\u00f3nico, su historia y proceso reconstructivo. Aqu\u00ed se pueden apreciar algunos vestigios constructivos de la \u00e9poca colonial, dejados como testigos durante la ultima restauraci\u00f3n llevada a cabo por el arquitecto JOSE LUIS GIRALDO en 1.976, as\u00ed como indicadores del uso dado a la construcci\u00f3n a trav\u00e9s de los siglos, destacando los acontecimientos socioculturales m\u00e1s relevantes en cada uno de ellos.<\/div>\n<div dir=\"ltr\" style=\"text-align: justify;\" data-font-name=\"g_font_p0_5\" data-canvas-width=\"262.82667919921874\">Las cinco (5) salas restantes presentan una magnifica muestra de alfarer\u00eda precolombina. Resaltan el desarrollo cultural de las sociedades que habilitaron el suroccidente colombiano a trav\u00e9s de cinco (5) temas principales: Medio Ambiente, Gente, Oficios, Religi\u00f3n y Muerte complement\u00e1ndose con una r\u00e9plica a escala natural de un hipogeo de Tierradentro y una estatuaria l\u00edtica de San Agust\u00edn en el patio interior.<\/div>\n<div dir=\"ltr\" style=\"text-align: justify;\" data-font-name=\"g_font_p0_5\" data-canvas-width=\"262.82667919921874\">Se exhibe as\u00ed representativas muestras de las zonas Tolima, Quimbaya, Calima, Tierradentro, San Agust\u00edn, Nari\u00f1o y Tumaco destac\u00e1ndose como cada una de estas sociedades comparten con las dem\u00e1s un mismo territorio y su contemporaneidad, varios rasgos culturales como la eficiente utilizaci\u00f3n del medio ambiente, los tipos de poblamiento, la estructura de la vivienda, la industria alfarera, orfebrer\u00eda, en t\u00e9cnicas y estilos, la estatuaria l\u00edtica, el ritual funerario y una ampl\u00eda red de rutas comerciales unificadoras.<\/div>\n<div dir=\"ltr\" style=\"text-align: justify;\" data-font-name=\"g_font_p0_5\" data-canvas-width=\"262.82667919921874\">Adem\u00e1s de preservar y dar a conocer el patrimonio hist\u00f3rico prehisp\u00e1nico del suroccidente Colombiano y colonial de Santiago de Cali, la entidad cumple una pionera y relevante funci\u00f3n cultural y educativa de orientaci\u00f3n popular a trav\u00e9s de sus exposiciones permanentes y temporales y de diferentes eventos (conferencias, talleres, seminarios, cursillos, proyecci\u00f3n de pel\u00edculas y v\u00eddeos), primordialmente en temas de arqueolog\u00eda, etnohistoria, historia, avivaci\u00f3n y preservaci\u00f3n de las tradiciones cale\u00f1as y vallecaucanas.<\/div>\n<div dir=\"ltr\" style=\"text-align: justify;\" data-font-name=\"g_font_p0_5\" data-canvas-width=\"262.82667919921874\">Con el fin de dar a conocer y fomentar valores, pr\u00e1cticas culturales y patrimonio de los diferentes grupos humanos que habitaron y habitan la regi\u00f3n.<\/div>\n<div dir=\"ltr\" style=\"text-align: justify;\" data-font-name=\"g_font_p0_5\" data-canvas-width=\"262.82667919921874\"><strong>SERVICIOS<\/strong><\/p>\n<p>El museo cuenta con una sala multifuncional con capacidad para 120 personas. En el se programan permanentemente conferencias, talleres y cursillos<br \/>de car\u00e1cter cient\u00edfico y de divulgaci\u00f3n sobre diferentes t\u00f3picos, proyecciones de pel\u00edculas, videos y audiovisuales en torno a diferentes temas hist\u00f3ricos, art\u00edsticos o arqueol\u00f3gicos, exposiciones de arte, artesan\u00edas, art\u00edsticas o arqueol\u00f3gicas que mantienen viva la actividad cultural.<\/div>\n<div dir=\"ltr\" style=\"text-align: justify;\" data-font-name=\"g_font_p0_5\" data-canvas-width=\"262.82667919921874\">Adem\u00e1s cuenta con la venta de libros, editados por la Biblioteca Banco Popular, postales, diapositivas, afiches y r\u00e9plicas precolombinas y programas especiales para grupos escolares y turistas.<\/div>\n<div dir=\"ltr\" style=\"text-align: justify;\" data-font-name=\"g_font_p0_5\" data-canvas-width=\"262.82667919921874\">\n<p><strong>Programaci\u00f3n permanente<\/strong><\/p>\n<p>El museo cumple con los objetivos de divulgaci\u00f3n cultural no s\u00f3lo a trav\u00e9s de la exposici\u00f3n permanente, sino a trav\u00e9s de una amplia y variada programaci\u00f3n que se desarrolla a lo largo de todo el a\u00f1o que incluye exposiciones itinerantes, conferencias, cursillos, conciertos, talleres, etc., que lo mantienen vivo y en permanente contacto con la comunidad.<br \/>\u00a0<br \/>Para mayores informes sobre las actividades programadas mes a mes, comunicarse con la recepci\u00f3n del museo.<br \/>\u00a0<br \/>Es importante resaltar que estas actividades por su contenido son de inter\u00e9s tanto para docentes como para estudiantes, al tener como finalidad la divulgaci\u00f3n de nuestras manifestaciones culturales aut\u00f3ctonas y propias.<\/p>\n<\/div>\n<hr \/>\n<p style=\"text-align: center;\"><strong>HISTORIA :<\/strong><\/p>\n<p style=\"text-align: justify;\">El convento de la merced presidi\u00f3 la vida colonial en Cali. Desde los inicios de la fundaci\u00f3n de esta ciudad ha tenido gran importancia. Fue precisamente en el museo, donde hoy se levanta esta bella joya arquitect\u00f3nica, lugar en el cual se ofici\u00f3 <strong>la primera misa de acci\u00f3n de gracias el 25 de julio de 1536.<\/strong> Dos a\u00f1os despu\u00e9s fu\u00e9 fundado el convento La Merced o Real Convento de Nuestra Se\u00f1ora de los Remedios o Rendici\u00f3n de los cau<span style=\"font-size: small;\">tivos.<\/span><\/p>\n<p style=\"text-align: justify;\"><span style=\"font-size: small;\">El convento estuvo a cargo de los frailes mercedarios hasta 1821, fecha en que fueron expulsadas las comunidades menores radicadas en Colombia, pasando el inmueble a manos del gobierno. Tres a\u00f1os m\u00e1s tarde vuelve a pasar a manos religiosas al ser entregado a las Agustinas Recoletas, comunidad que ocupa parte del convento y maneja el museo de arte religioso, contiguo a la iglesia . <\/span><\/p>\n<p style=\"text-align: center;\">\u00a0<\/p>\n<div dir=\"ltr\" style=\"text-align: left;\" data-font-name=\"g_font_p0_1\" data-canvas-width=\"30.4000009059906\"><span style=\"font-size: small;\"><strong> El Museo Arqueol\u00f3gico La Merced:<\/strong> <\/span><\/div>\n<p style=\"text-align: justify;\">Fue inaugurado en 1.978 pero solo empez\u00f3 a funcionar en forma permanente a partir de 1.979.<\/p>\n<div dir=\"ltr\" style=\"text-align: justify;\" data-font-name=\"g_font_p0_5\" data-canvas-width=\"244.84001167488097\">Ocupa parte del exconvento de La Merced, ubicado en la zona hist\u00f3rica, bella joya arquitect\u00f3nica colonial de gran significaci\u00f3n e importancia ya que representa la construcci\u00f3n m\u00e1s antigua de Santiago de Cali.<\/div>\n<div dir=\"ltr\" style=\"text-align: justify;\" data-font-name=\"g_font_p0_5\" data-canvas-width=\"244.84001167488097\">\u00a0<\/div>\n<div dir=\"ltr\" style=\"text-align: justify;\" data-font-name=\"g_font_p0_5\" data-canvas-width=\"262.82667919921874\">Entre sus objetivos principales est\u00e1 el de defender, preservar e incrementar el patrimonio art\u00edstico y arqueol\u00f3gico nacional para hacerlo accesible a la comunidad. Cumple as\u00ed con sus objetivos de acci\u00f2n cultural, educativa y de orientaci\u00f3n popular.<\/div>\n<div dir=\"ltr\" style=\"text-align: justify;\" data-font-name=\"g_font_p0_5\" data-canvas-width=\"262.82667919921874\"><strong>HORARIO<\/strong><br \/>El museo est\u00e1 abierto al p\u00fablico de lunes a s\u00e1bado de 9:00 am. a 1:00 pm y de 2:00 a 6:00 pm.<\/div>\n<div dir=\"ltr\" style=\"text-align: justify;\" data-font-name=\"g_font_p0_5\" data-canvas-width=\"262.82667919921874\">\u00a0<\/div>\n<div dir=\"ltr\" style=\"text-align: justify;\" data-font-name=\"g_font_p0_5\" data-canvas-width=\"262.82667919921874\"><strong>ENTRADA:<\/strong><\/div>\n<div dir=\"ltr\" style=\"text-align: justify;\" data-font-name=\"g_font_p0_2\" data-canvas-width=\"57.12000272369386\">El valor de la entrada es de $4.000.oo Adultos, $3.500.oo Estudiantes<br \/>Universitarios y $2.000.oo Ni\u00f1os.<\/div>\n<div dir=\"ltr\" style=\"text-align: justify;\" data-font-name=\"g_font_p0_2\" data-canvas-width=\"57.12000272369386\">\u00a0<\/div>\n<div dir=\"ltr\" style=\"text-align: justify;\" data-font-name=\"g_font_p0_2\" data-canvas-width=\"57.12000272369386\"><strong>RECURSOS :<\/strong><\/div>\n<div dir=\"ltr\" style=\"text-align: justify;\" data-font-name=\"g_font_p0_2\" data-canvas-width=\"57.12000272369386\">\n<ul>\n<li><a href=\"http:\/\/www.museoarqueologicomusa.com\/interactivo\/\" target=\"_blank\" rel=\"noopener\"><strong>MUSEO INTERACTIVO: Animaci\u00f2nes sobre cultura precolombina<\/strong>:<\/a><\/li>\n<\/ul>\n<\/div>\n<div dir=\"ltr\" style=\"text-align: justify;\" data-font-name=\"g_font_p0_2\" data-canvas-width=\"57.12000272369386\">\u00a0<\/div>\n<div dir=\"ltr\" style=\"text-align: justify;\" data-font-name=\"g_font_p0_2\" data-canvas-width=\"57.12000272369386\">\n<ul>\n<li><a href=\"http:\/\/www.museoarqueologicomusa.com\/pop\/mapa.php\" target=\"_blank\" rel=\"noopener\"><strong>MAPA INTERACTIVO de las Culturas precolombinas:<\/strong><\/a><\/li>\n<\/ul>\n<\/div>\n<div dir=\"ltr\" style=\"text-align: justify;\" data-font-name=\"g_font_p0_2\" data-canvas-width=\"57.12000272369386\">\u00a0<\/div>\n<div dir=\"ltr\" data-font-name=\"g_font_p0_2\" data-canvas-width=\"57.12000272369386\"><img decoding=\"async\" style=\"display: block; margin-left: auto; margin-right: auto;\" src=\"images\/logos_articulos\/foto fachada museo la merced.jpg\" alt=\"\" border=\"0\" \/><img decoding=\"async\" style=\"display: block; margin-left: auto; margin-right: auto;\" src=\"images\/logos_articulos\/foto museo la merced.jpg\" alt=\"\" border=\"0\" \/><\/div>\n<div dir=\"ltr\" data-font-name=\"g_font_p0_2\" data-canvas-width=\"57.12000272369386\">\n<hr \/>\n<p><strong><img decoding=\"async\" style=\"display: block; margin-right: auto; margin-left: auto;\" src=\"images\/logos_articulos\/logo_sepia_centrohistorico.jpg\" alt=\"\" border=\"0\" \/><\/strong><\/p>\n<p style=\"text-align: center;\"><strong>Viernes Centro hist\u00f2rico &#8220;ULTIMO VIERNES DE CADA MES&#8221; &#8211; Exposiciones, conciertos, muestra gastron\u00f2mica y artesanal , talleres y mucho m\u00e0s&#8230;<\/strong><\/p>\n<\/div>\n<p><strong>\u00a0<\/strong><\/p>\n<hr \/>\n<p style=\"text-align: center;\"><img decoding=\"async\" src=\"images\/logos_articulos\/logo_museo la merced.jpg\" alt=\"\" border=\"0\" \/><\/p>\n<p style=\"text-align: center;\"><strong>Direccion:<\/strong> Carrera 4\u00aa. No. 6-59 <br \/><strong>Tel\u00e9fonos:<\/strong> 8854665 \u2013 8893434 \u2013 Fax. 8855309<\/p>\n<p style=\"text-align: center;\"><strong>Cali &#8211; Valle &#8211; Colombia<\/strong><\/p>\n<p style=\"text-align: center;\">\n","protected":false},"excerpt":{"rendered":"<p>MUSEO ARQUEOLOGICO LA MERCED<\/p>\n","protected":false},"author":1,"featured_media":0,"parent":0,"menu_order":1,"comment_status":"closed","ping_status":"closed","template":"","meta":{"footnotes":""},"class_list":["post-116","page","type-page","status-publish","hentry"],"yoast_head":"<!-- This site is optimized with the Yoast SEO plugin v26.8 - https:\/\/yoast.com\/product\/yoast-seo-wordpress\/ -->\n<title>Museo Arqueol\u00f2gico La Merced Cali - Bienvenido a Adondequierenir.com<\/title>\n<meta name=\"robots\" content=\"index, follow, max-snippet:-1, max-image-preview:large, max-video-preview:-1\" \/>\n<link rel=\"canonical\" href=\"https:\/\/www.adondequierenir.com\/index.php\/museo-arqueologico-la-merced-cali\/\" \/>\n<meta property=\"og:locale\" content=\"es_ES\" \/>\n<meta property=\"og:type\" content=\"article\" \/>\n<meta property=\"og:title\" content=\"Museo Arqueol\u00f2gico La Merced Cali - Bienvenido a Adondequierenir.com\" \/>\n<meta property=\"og:description\" content=\"MUSEO ARQUEOLOGICO LA MERCED\" \/>\n<meta property=\"og:url\" content=\"https:\/\/www.adondequierenir.com\/index.php\/museo-arqueologico-la-merced-cali\/\" \/>\n<meta property=\"og:site_name\" content=\"Bienvenido a Adondequierenir.com\" \/>\n<meta property=\"article:publisher\" content=\"https:\/\/www.facebook.com\/adonde.q.ir\" \/>\n<meta name=\"twitter:card\" content=\"summary_large_image\" \/>\n<meta name=\"twitter:label1\" content=\"Tiempo de lectura\" \/>\n\t<meta name=\"twitter:data1\" content=\"5 minutos\" \/>\n<script type=\"application\/ld+json\" class=\"yoast-schema-graph\">{\"@context\":\"https:\/\/schema.org\",\"@graph\":[{\"@type\":\"WebPage\",\"@id\":\"https:\/\/www.adondequierenir.com\/index.php\/museo-arqueologico-la-merced-cali\/\",\"url\":\"https:\/\/www.adondequierenir.com\/index.php\/museo-arqueologico-la-merced-cali\/\",\"name\":\"Museo Arqueol\u00f2gico La Merced Cali - Bienvenido a Adondequierenir.com\",\"isPartOf\":{\"@id\":\"https:\/\/www.adondequierenir.com\/#website\"},\"datePublished\":\"2013-12-28T08:17:00+00:00\",\"breadcrumb\":{\"@id\":\"https:\/\/www.adondequierenir.com\/index.php\/museo-arqueologico-la-merced-cali\/#breadcrumb\"},\"inLanguage\":\"es-CO\",\"potentialAction\":[{\"@type\":\"ReadAction\",\"target\":[\"https:\/\/www.adondequierenir.com\/index.php\/museo-arqueologico-la-merced-cali\/\"]}]},{\"@type\":\"BreadcrumbList\",\"@id\":\"https:\/\/www.adondequierenir.com\/index.php\/museo-arqueologico-la-merced-cali\/#breadcrumb\",\"itemListElement\":[{\"@type\":\"ListItem\",\"position\":1,\"name\":\"Inicio\",\"item\":\"https:\/\/www.adondequierenir.com\/\"},{\"@type\":\"ListItem\",\"position\":2,\"name\":\"Museo Arqueol\u00f2gico La Merced Cali\"}]},{\"@type\":\"WebSite\",\"@id\":\"https:\/\/www.adondequierenir.com\/#website\",\"url\":\"https:\/\/www.adondequierenir.com\/\",\"name\":\"Bienvenido a Adondequierenir.com\",\"description\":\"\",\"publisher\":{\"@id\":\"https:\/\/www.adondequierenir.com\/#\/schema\/person\/83485548bc9e14e5d02478eab46f9302\"},\"potentialAction\":[{\"@type\":\"SearchAction\",\"target\":{\"@type\":\"EntryPoint\",\"urlTemplate\":\"https:\/\/www.adondequierenir.com\/?s={search_term_string}\"},\"query-input\":{\"@type\":\"PropertyValueSpecification\",\"valueRequired\":true,\"valueName\":\"search_term_string\"}}],\"inLanguage\":\"es-CO\"},{\"@type\":[\"Person\",\"Organization\"],\"@id\":\"https:\/\/www.adondequierenir.com\/#\/schema\/person\/83485548bc9e14e5d02478eab46f9302\",\"name\":\"p@m@rt1n\",\"image\":{\"@type\":\"ImageObject\",\"inLanguage\":\"es-CO\",\"@id\":\"https:\/\/www.adondequierenir.com\/#\/schema\/person\/image\/\",\"url\":\"https:\/\/www.adondequierenir.com\/wp-content\/uploads\/2023\/11\/59132335-e1e2-4bf2-8d9a-1993d6e55eac.jpeg\",\"contentUrl\":\"https:\/\/www.adondequierenir.com\/wp-content\/uploads\/2023\/11\/59132335-e1e2-4bf2-8d9a-1993d6e55eac.jpeg\",\"width\":1024,\"height\":1024,\"caption\":\"p@m@rt1n\"},\"logo\":{\"@id\":\"https:\/\/www.adondequierenir.com\/#\/schema\/person\/image\/\"},\"sameAs\":[\"https:\/\/www.adondequierenir.com\",\"https:\/\/www.facebook.com\/adonde.q.ir\"]}]}<\/script>\n<!-- \/ Yoast SEO plugin. -->","yoast_head_json":{"title":"Museo Arqueol\u00f2gico La Merced Cali - Bienvenido a Adondequierenir.com","robots":{"index":"index","follow":"follow","max-snippet":"max-snippet:-1","max-image-preview":"max-image-preview:large","max-video-preview":"max-video-preview:-1"},"canonical":"https:\/\/www.adondequierenir.com\/index.php\/museo-arqueologico-la-merced-cali\/","og_locale":"es_ES","og_type":"article","og_title":"Museo Arqueol\u00f2gico La Merced Cali - Bienvenido a Adondequierenir.com","og_description":"MUSEO ARQUEOLOGICO LA MERCED","og_url":"https:\/\/www.adondequierenir.com\/index.php\/museo-arqueologico-la-merced-cali\/","og_site_name":"Bienvenido a Adondequierenir.com","article_publisher":"https:\/\/www.facebook.com\/adonde.q.ir","twitter_card":"summary_large_image","twitter_misc":{"Tiempo de lectura":"5 minutos"},"schema":{"@context":"https:\/\/schema.org","@graph":[{"@type":"WebPage","@id":"https:\/\/www.adondequierenir.com\/index.php\/museo-arqueologico-la-merced-cali\/","url":"https:\/\/www.adondequierenir.com\/index.php\/museo-arqueologico-la-merced-cali\/","name":"Museo Arqueol\u00f2gico La Merced Cali - Bienvenido a Adondequierenir.com","isPartOf":{"@id":"https:\/\/www.adondequierenir.com\/#website"},"datePublished":"2013-12-28T08:17:00+00:00","breadcrumb":{"@id":"https:\/\/www.adondequierenir.com\/index.php\/museo-arqueologico-la-merced-cali\/#breadcrumb"},"inLanguage":"es-CO","potentialAction":[{"@type":"ReadAction","target":["https:\/\/www.adondequierenir.com\/index.php\/museo-arqueologico-la-merced-cali\/"]}]},{"@type":"BreadcrumbList","@id":"https:\/\/www.adondequierenir.com\/index.php\/museo-arqueologico-la-merced-cali\/#breadcrumb","itemListElement":[{"@type":"ListItem","position":1,"name":"Inicio","item":"https:\/\/www.adondequierenir.com\/"},{"@type":"ListItem","position":2,"name":"Museo Arqueol\u00f2gico La Merced Cali"}]},{"@type":"WebSite","@id":"https:\/\/www.adondequierenir.com\/#website","url":"https:\/\/www.adondequierenir.com\/","name":"Bienvenido a Adondequierenir.com","description":"","publisher":{"@id":"https:\/\/www.adondequierenir.com\/#\/schema\/person\/83485548bc9e14e5d02478eab46f9302"},"potentialAction":[{"@type":"SearchAction","target":{"@type":"EntryPoint","urlTemplate":"https:\/\/www.adondequierenir.com\/?s={search_term_string}"},"query-input":{"@type":"PropertyValueSpecification","valueRequired":true,"valueName":"search_term_string"}}],"inLanguage":"es-CO"},{"@type":["Person","Organization"],"@id":"https:\/\/www.adondequierenir.com\/#\/schema\/person\/83485548bc9e14e5d02478eab46f9302","name":"p@m@rt1n","image":{"@type":"ImageObject","inLanguage":"es-CO","@id":"https:\/\/www.adondequierenir.com\/#\/schema\/person\/image\/","url":"https:\/\/www.adondequierenir.com\/wp-content\/uploads\/2023\/11\/59132335-e1e2-4bf2-8d9a-1993d6e55eac.jpeg","contentUrl":"https:\/\/www.adondequierenir.com\/wp-content\/uploads\/2023\/11\/59132335-e1e2-4bf2-8d9a-1993d6e55eac.jpeg","width":1024,"height":1024,"caption":"p@m@rt1n"},"logo":{"@id":"https:\/\/www.adondequierenir.com\/#\/schema\/person\/image\/"},"sameAs":["https:\/\/www.adondequierenir.com","https:\/\/www.facebook.com\/adonde.q.ir"]}]}},"_links":{"self":[{"href":"https:\/\/www.adondequierenir.com\/index.php\/wp-json\/wp\/v2\/pages\/116","targetHints":{"allow":["GET"]}}],"collection":[{"href":"https:\/\/www.adondequierenir.com\/index.php\/wp-json\/wp\/v2\/pages"}],"about":[{"href":"https:\/\/www.adondequierenir.com\/index.php\/wp-json\/wp\/v2\/types\/page"}],"author":[{"embeddable":true,"href":"https:\/\/www.adondequierenir.com\/index.php\/wp-json\/wp\/v2\/users\/1"}],"replies":[{"embeddable":true,"href":"https:\/\/www.adondequierenir.com\/index.php\/wp-json\/wp\/v2\/comments?post=116"}],"version-history":[{"count":0,"href":"https:\/\/www.adondequierenir.com\/index.php\/wp-json\/wp\/v2\/pages\/116\/revisions"}],"wp:attachment":[{"href":"https:\/\/www.adondequierenir.com\/index.php\/wp-json\/wp\/v2\/media?parent=116"}],"curies":[{"name":"wp","href":"https:\/\/api.w.org\/{rel}","templated":true}]}}